{"id":967,"date":"2025-07-03T07:31:20","date_gmt":"2025-07-03T05:31:20","guid":{"rendered":"https:\/\/www.lemuseedespompiers.re\/?post_type=tribe_events&#038;p=967"},"modified":"2025-07-03T11:10:43","modified_gmt":"2025-07-03T09:10:43","slug":"exposition-au-feu-les-pompiers","status":"publish","type":"tribe_events","link":"https:\/\/www.lemuseedespompiers.re\/index.php\/event\/exposition-au-feu-les-pompiers\/","title":{"rendered":"Exposition &#8211; Au feu les pompiers !"},"content":{"rendered":"<p data-start=\"118\" data-end=\"321\"><strong data-start=\"118\" data-end=\"166\">Exposition \u2013 70 ans au service de La R\u00e9union<\/strong><br data-start=\"166\" data-end=\"169\" \/>Du 15 juillet au 30 novembre 2025, du lundi au vendredi, de 08h00 \u00e0 16h00<br data-start=\"242\" data-end=\"245\" \/><strong data-start=\"245\" data-end=\"287\">Archives d\u00e9partementales de La R\u00e9union<\/strong><br data-start=\"287\" data-end=\"290\" \/>Rue Marcel Pagnol \u2013 Saint-Denis<\/p>\n<p data-start=\"323\" data-end=\"496\">\u00c0 l\u2019occasion des 70 ans du Service D\u00e9partemental d\u2019Incendie et de Secours (SDIS 974), l\u2019exposition retrace l\u2019histoire riche et engag\u00e9e des sapeurs-pompiers de La R\u00e9union :<\/p>\n<ul>\n<li data-start=\"499\" data-end=\"558\">leurs origines ancr\u00e9es dans le tissu communal et colonial<\/li>\n<li data-start=\"499\" data-end=\"558\">les grandes catastrophes (incendies, cyclones) qui ont marqu\u00e9 la m\u00e9moire collective<\/li>\n<li data-start=\"649\" data-end=\"710\">l\u2019\u00e9volution spectaculaire du mat\u00e9riel, du Laffly aux drones<\/li>\n<li data-start=\"713\" data-end=\"766\">les femmes et les jeunes qui incarnent le renouveau<\/li>\n<li data-start=\"769\" data-end=\"830\">les valeurs humaines transmises de g\u00e9n\u00e9ration en g\u00e9n\u00e9ration<\/li>\n<\/ul>\n<p data-start=\"832\" data-end=\"864\">Objets embl\u00e9matiques expos\u00e9s :<\/p>\n<ul data-start=\"865\" data-end=\"1038\">\n<li data-start=\"865\" data-end=\"909\">Pompe \u00e0 bras du XIXe si\u00e8cle<\/li>\n<li data-start=\"865\" data-end=\"909\">Echelles \u00e0 crochets, en bois et en m\u00e9tal<\/li>\n<li data-start=\"865\" data-end=\"909\">Uniformes, archives, frise chronologique interactive<\/li>\n<li data-start=\"865\" data-end=\"909\">QR codes de t\u00e9moignages audio\/vid\u00e9o<\/li>\n<\/ul>\n<p data-start=\"1040\" data-end=\"1148\">L\u2019exposition sert aussi de vitrine au futur mus\u00e9e des sapeurs-pompiers de La R\u00e9union et de l\u2019Oc\u00e9an Indien.<\/p>\n<p data-start=\"1150\" data-end=\"1291\"><strong data-start=\"1150\" data-end=\"1170\">Entr\u00e9e gratuite.<\/strong><br data-start=\"1170\" data-end=\"1173\" \/><strong data-start=\"1173\" data-end=\"1214\">Ferm\u00e9e les week-ends et jours f\u00e9ri\u00e9s.<\/strong><br data-start=\"1214\" data-end=\"1217\" \/>Pr\u00e9sence ponctuelle de pompiers pour accueillir le public : dates \u00e0 venir.<\/p>\n","protected":false},"excerpt":{"rendered":"<p>Exposition \u2013 70 ans au service de La R\u00e9unionDu 15 juillet au 30 novembre 2025, du lundi au vendredi, de 08h00 \u00e0 16h00Archives d\u00e9partementales de La R\u00e9unionRue Marcel Pagnol \u2013 [&hellip;]<\/p>\n","protected":false},"author":1,"featured_media":980,"template":"","meta":{"_bbp_topic_count":0,"_bbp_reply_count":0,"_bbp_total_topic_count":0,"_bbp_total_reply_count":0,"_bbp_voice_count":0,"_bbp_anonymous_reply_count":0,"_bbp_topic_count_hidden":0,"_bbp_reply_count_hidden":0,"_bbp_forum_subforum_count":0,"_monsterinsights_skip_tracking":false,"_monsterinsights_sitenote_active":false,"_monsterinsights_sitenote_note":"","_monsterinsights_sitenote_category":0,"_uf_show_specific_survey":0,"_uf_disable_surveys":false,"_price":"","_stock":"","_tribe_ticket_header":"","_tribe_default_ticket_provider":"","_tribe_ticket_capacity":"0","_ticket_start_date":"","_ticket_end_date":"","_tribe_ticket_show_description":"","_tribe_ticket_show_not_going":false,"_tribe_ticket_use_global_stock":"","_tribe_ticket_global_stock_level":"","_global_stock_mode":"","_global_stock_cap":"","_tribe_rsvp_for_event":"","_tribe_ticket_going_count":"","_tribe_ticket_not_going_count":"","_tribe_tickets_list":"[]","_tribe_ticket_has_attendee_info_fields":false,"_tribe_events_status":"","_tribe_events_status_reason":"","footnotes":"","_tec_slr_enabled":"","_tec_slr_layout":""},"tags":[],"tribe_events_cat":[],"class_list":["post-967","tribe_events","type-tribe_events","status-publish","has-post-thumbnail","hentry"],"ticketed":false,"_links":{"self":[{"href":"https:\/\/www.lemuseedespompiers.re\/index.php\/wp-json\/wp\/v2\/tribe_events\/967","targetHints":{"allow":["GET"]}}],"collection":[{"href":"https:\/\/www.lemuseedespompiers.re\/index.php\/wp-json\/wp\/v2\/tribe_events"}],"about":[{"href":"https:\/\/www.lemuseedespompiers.re\/index.php\/wp-json\/wp\/v2\/types\/tribe_events"}],"author":[{"embeddable":true,"href":"https:\/\/www.lemuseedespompiers.re\/index.php\/wp-json\/wp\/v2\/users\/1"}],"version-history":[{"count":4,"href":"https:\/\/www.lemuseedespompiers.re\/index.php\/wp-json\/wp\/v2\/tribe_events\/967\/revisions"}],"predecessor-version":[{"id":973,"href":"https:\/\/www.lemuseedespompiers.re\/index.php\/wp-json\/wp\/v2\/tribe_events\/967\/revisions\/973"}],"wp:featuredmedia":[{"embeddable":true,"href":"https:\/\/www.lemuseedespompiers.re\/index.php\/wp-json\/wp\/v2\/media\/980"}],"wp:attachment":[{"href":"https:\/\/www.lemuseedespompiers.re\/index.php\/wp-json\/wp\/v2\/media?parent=967"}],"wp:term":[{"taxonomy":"post_tag","embeddable":true,"href":"https:\/\/www.lemuseedespompiers.re\/index.php\/wp-json\/wp\/v2\/tags?post=967"},{"taxonomy":"tribe_events_cat","embeddable":true,"href":"https:\/\/www.lemuseedespompiers.re\/index.php\/wp-json\/wp\/v2\/tribe_events_cat?post=967"}],"curies":[{"name":"wp","href":"https:\/\/api.w.org\/{rel}","templated":true}]}}